{"id":2680,"date":"2021-12-15T16:01:30","date_gmt":"2021-12-15T16:01:30","guid":{"rendered":"https:\/\/www.tumaini.it\/?page_id=2680"},"modified":"2022-02-19T11:30:14","modified_gmt":"2022-02-19T10:30:14","slug":"borse-di-studio","status":"publish","type":"page","link":"https:\/\/www.tumaini.it\/?page_id=2680","title":{"rendered":"Borse di Studio"},"content":{"rendered":"\t\t<div data-elementor-type=\"wp-page\" data-elementor-id=\"2680\" class=\"elementor elementor-2680\">\n\t\t\t\t\t\t<section class=\"elementor-section elementor-top-section elementor-element elementor-element-lxh2k58 elementor-section-content-middle elementor-section-boxed elementor-section-height-default elementor-section-height-default\" data-id=\"lxh2k58\" data-element_type=\"section\" data-settings=\"{&quot;background_background&quot;:&quot;classic&quot;}\">\n\t\t\t\t\t\t\t<div class=\"elementor-background-overlay\"><\/div>\n\t\t\t\t\t\t\t<div class=\"elementor-container elementor-column-gap-wide\">\n\t\t\t\t\t<div class=\"elementor-column elementor-col-100 elementor-top-column elementor-element elementor-element-443b0413\" data-id=\"443b0413\" data-element_type=\"column\">\n\t\t\t<div class=\"elementor-widget-wrap elementor-element-populated\">\n\t\t\t\t\t\t<div class=\"elementor-element elementor-element-61fc912d elementor-widget elementor-widget-heading\" data-id=\"61fc912d\" data-element_type=\"widget\" data-widget_type=\"heading.default\">\n\t\t\t\t<div class=\"elementor-widget-container\">\n\t\t\t<h4 class=\"elementor-heading-title elementor-size-default\">Il desiderio di crescere, di emanciparsi e di istruirsi \u00e8 molto forte fra le ragazze e i ragazzi congolesi, ma la mancanza di mezzi spesso sbarra la strada anche ai pi\u00f9 volenterosi. <\/h4>\t\t<\/div>\n\t\t\t\t<\/div>\n\t\t\t\t<div class=\"elementor-element elementor-element-45f64028 elementor-widget-divider--view-line elementor-widget elementor-widget-divider\" data-id=\"45f64028\" data-element_type=\"widget\" data-widget_type=\"divider.default\">\n\t\t\t\t<div class=\"elementor-widget-container\">\n\t\t\t\t\t<div class=\"elementor-divider\">\n\t\t\t<span class=\"elementor-divider-separator\">\n\t\t\t\t\t\t<\/span>\n\t\t<\/div>\n\t\t\t\t<\/div>\n\t\t\t\t<\/div>\n\t\t\t\t<div class=\"elementor-element elementor-element-63016916 elementor-widget elementor-widget-heading\" data-id=\"63016916\" data-element_type=\"widget\" data-widget_type=\"heading.default\">\n\t\t\t\t<div class=\"elementor-widget-container\">\n\t\t\t<h1 class=\"elementor-heading-title elementor-size-default\">Una borsa di studio universitaria pu\u00f2 cambiare la vita e trasformare un giovane sogno in realt\u00e0.<\/h1>\t\t<\/div>\n\t\t\t\t<\/div>\n\t\t\t\t\t<\/div>\n\t\t<\/div>\n\t\t\t\t\t<\/div>\n\t\t<\/section>\n\t\t\t\t<section class=\"elementor-section elementor-top-section elementor-element elementor-element-xg31wvn elementor-section-boxed elementor-section-height-default elementor-section-height-default\" data-id=\"xg31wvn\" data-element_type=\"section\" data-settings=\"{&quot;background_background&quot;:&quot;classic&quot;}\">\n\t\t\t\t\t\t<div class=\"elementor-container elementor-column-gap-default\">\n\t\t\t\t\t<div class=\"elementor-column elementor-col-100 elementor-top-column elementor-element elementor-element-4473049\" data-id=\"4473049\" data-element_type=\"column\">\n\t\t\t<div class=\"elementor-widget-wrap elementor-element-populated\">\n\t\t\t\t\t\t<div class=\"elementor-element elementor-element-e3bf077 elementor-widget elementor-widget-heading\" data-id=\"e3bf077\" data-element_type=\"widget\" data-widget_type=\"heading.default\">\n\t\t\t\t<div class=\"elementor-widget-container\">\n\t\t\t<h3 class=\"elementor-heading-title elementor-size-default\">A chi \u00e8 rivolto il programma di borse di studio universitarie<\/h3>\t\t<\/div>\n\t\t\t\t<\/div>\n\t\t\t\t<div class=\"elementor-element elementor-element-09f00b8 elementor-widget-divider--view-line elementor-widget elementor-widget-divider\" data-id=\"09f00b8\" data-element_type=\"widget\" data-widget_type=\"divider.default\">\n\t\t\t\t<div class=\"elementor-widget-container\">\n\t\t\t\t\t<div class=\"elementor-divider\">\n\t\t\t<span class=\"elementor-divider-separator\">\n\t\t\t\t\t\t<\/span>\n\t\t<\/div>\n\t\t\t\t<\/div>\n\t\t\t\t<\/div>\n\t\t\t\t<div class=\"elementor-element elementor-element-ab6fb18 elementor-widget elementor-widget-text-editor\" data-id=\"ab6fb18\" data-element_type=\"widget\" data-widget_type=\"text-editor.default\">\n\t\t\t\t<div class=\"elementor-widget-container\">\n\t\t\t\t\t\t\t<p>Il programma per le borse di studio \u00e8 rivolto a giovani ragazze e ragazzi, appena diplomati, <span style=\"font-style: inherit; font-weight: inherit; background-color: var(--ast-global-color-4); color: var(--ast-global-color-3);\">dotati di buona volont\u00e0 e in grado di ottenere risultati positivi a scuola ma privi di supporto familiare e mezzi sufficienti per frequentare l&#8217;Universit\u00e0.\u00a0 Provengono dall&#8217;area di Goma e dalle regioni vicine del Nord-Est della Repubblica Democratica del Congo, una delle aree pi\u00f9 travagliate del paese.<\/span><\/p>\t\t\t\t\t\t<\/div>\n\t\t\t\t<\/div>\n\t\t\t\t<div class=\"elementor-element elementor-element-8dda1a7 elementor-widget elementor-widget-heading\" data-id=\"8dda1a7\" data-element_type=\"widget\" data-widget_type=\"heading.default\">\n\t\t\t\t<div class=\"elementor-widget-container\">\n\t\t\t<h3 class=\"elementor-heading-title elementor-size-default\">Come funziona il programma<\/h3>\t\t<\/div>\n\t\t\t\t<\/div>\n\t\t\t\t<div class=\"elementor-element elementor-element-3359c90 elementor-widget elementor-widget-text-editor\" data-id=\"3359c90\" data-element_type=\"widget\" data-widget_type=\"text-editor.default\">\n\t\t\t\t<div class=\"elementor-widget-container\">\n\t\t\t\t\t\t\t<p>Il programma viene gestito in collaborazione con l\u2019Associazione APV di Goma.<\/p><p>Il bando viene pubblicizzato nelle scuole superiori in primavera; raccolte le domande degli studenti, queste sono valutate da un comitato di selezione, anche attraverso verifiche effettuate in loco da APV.\u00a0 Entro luglio vengono comunicati i nomi dei vincitori cos\u00ec da permettere loro di iscriversi all\u2019Universit\u00e0 nel rispetto delle scadenze fissate.<\/p><p>Inizialmente l\u2019obiettivo era di garantire il sostegno per l\u2019ottenimento del diploma di laurea triennale; tuttavia vista la forte motivazione dimostrata dagli studenti e i buoni risultati scolastici ottenuti, il sostegno \u00e8 stato esteso anche alla laurea specialistica.<\/p>\t\t\t\t\t\t<\/div>\n\t\t\t\t<\/div>\n\t\t\t\t<div class=\"elementor-element elementor-element-578a45f elementor-widget-divider--view-line elementor-widget elementor-widget-divider\" data-id=\"578a45f\" data-element_type=\"widget\" data-widget_type=\"divider.default\">\n\t\t\t\t<div class=\"elementor-widget-container\">\n\t\t\t\t\t<div class=\"elementor-divider\">\n\t\t\t<span class=\"elementor-divider-separator\">\n\t\t\t\t\t\t<\/span>\n\t\t<\/div>\n\t\t\t\t<\/div>\n\t\t\t\t<\/div>\n\t\t\t\t<div class=\"elementor-element elementor-element-c012c7d elementor-widget elementor-widget-heading\" data-id=\"c012c7d\" data-element_type=\"widget\" data-widget_type=\"heading.default\">\n\t\t\t\t<div class=\"elementor-widget-container\">\n\t\t\t<h3 class=\"elementor-heading-title elementor-size-default\">I risultati<\/h3>\t\t<\/div>\n\t\t\t\t<\/div>\n\t\t\t\t<div class=\"elementor-element elementor-element-6fb0cb5 elementor-widget elementor-widget-text-editor\" data-id=\"6fb0cb5\" data-element_type=\"widget\" data-widget_type=\"text-editor.default\">\n\t\t\t\t<div class=\"elementor-widget-container\">\n\t\t\t\t\t\t\t<p>Dal 2011, anno in cui l\u2019iniziativa \u00e8 stata avviata, 38 studenti hanno avuto l\u2019opportunit\u00e0 di usufruire delle nostre Borse di studio e solo 3 si sono ritirati, per motivi personali, fra il primo e il secondo anno.<\/p><p>A fine 2021, 26 studenti avevano ottenuto il diploma di laurea specialistica nelle seguenti discipline: scienze economiche (13), scienze biomediche (3), ingegneria (4), informatica (1), diritto (1), medicina (2), sociologia (1) e agronomia (1). Uno studente ha scelto di fermarsi alla laurea triennale (Lingue Africane \u2013 pedagogia)<\/p>\t\t\t\t\t\t<\/div>\n\t\t\t\t<\/div>\n\t\t\t\t<div class=\"elementor-element elementor-element-c791767 elementor-widget elementor-widget-image\" data-id=\"c791767\" data-element_type=\"widget\" data-widget_type=\"image.default\">\n\t\t\t\t<div class=\"elementor-widget-container\">\n\t\t\t\t\t\t\t\t\t\t\t\t\t<img fetchpriority=\"high\" decoding=\"async\" width=\"1000\" height=\"750\" src=\"https:\/\/www.tumaini.it\/wp-content\/uploads\/2022\/01\/Mpore-001.png\" class=\"attachment-full size-full wp-image-3270\" alt=\"\" srcset=\"https:\/\/www.tumaini.it\/wp-content\/uploads\/2022\/01\/Mpore-001.png 1000w, https:\/\/www.tumaini.it\/wp-content\/uploads\/2022\/01\/Mpore-001-300x225.png 300w, https:\/\/www.tumaini.it\/wp-content\/uploads\/2022\/01\/Mpore-001-768x576.png 768w\" sizes=\"(max-width: 1000px) 100vw, 1000px\" \/>\t\t\t\t\t\t\t\t\t\t\t\t\t<\/div>\n\t\t\t\t<\/div>\n\t\t\t\t<section class=\"elementor-section elementor-inner-section elementor-element elementor-element-73715ca elementor-section-boxed elementor-section-height-default elementor-section-height-default\" data-id=\"73715ca\" data-element_type=\"section\">\n\t\t\t\t\t\t<div class=\"elementor-container elementor-column-gap-default\">\n\t\t\t\t\t<div class=\"elementor-column elementor-col-100 elementor-inner-column elementor-element elementor-element-d28ed2b\" data-id=\"d28ed2b\" data-element_type=\"column\">\n\t\t\t<div class=\"elementor-widget-wrap elementor-element-populated\">\n\t\t\t\t\t\t<div class=\"elementor-element elementor-element-5f86ae9 elementor-widget-divider--view-line elementor-widget elementor-widget-divider\" data-id=\"5f86ae9\" data-element_type=\"widget\" data-widget_type=\"divider.default\">\n\t\t\t\t<div class=\"elementor-widget-container\">\n\t\t\t\t\t<div class=\"elementor-divider\">\n\t\t\t<span class=\"elementor-divider-separator\">\n\t\t\t\t\t\t<\/span>\n\t\t<\/div>\n\t\t\t\t<\/div>\n\t\t\t\t<\/div>\n\t\t\t\t<div class=\"elementor-element elementor-element-c5d436f elementor-widget elementor-widget-heading\" data-id=\"c5d436f\" data-element_type=\"widget\" data-widget_type=\"heading.default\">\n\t\t\t\t<div class=\"elementor-widget-container\">\n\t\t\t<h2 class=\"elementor-heading-title elementor-size-default\"><h3 data-elementor-setting-key=\"title\" data-pen-placeholder=\"Digita qui...\" style=\"font-size: 1.86667rem;font-style: normal\">Il lievito della solidariet\u00e0<\/h3><\/h2>\t\t<\/div>\n\t\t\t\t<\/div>\n\t\t\t\t<div class=\"elementor-element elementor-element-f36f3c0 elementor-widget elementor-widget-text-editor\" data-id=\"f36f3c0\" data-element_type=\"widget\" data-widget_type=\"text-editor.default\">\n\t\t\t\t<div class=\"elementor-widget-container\">\n\t\t\t\t\t\t\t<p>Ai giovani viene proposto di\u00a0 cogliere il potenziale di solidariet\u00e0 su cui si basa il programma delle Borse di studio per svilupparlo poi con qualche azione concreta sul territorio. L\u2019aiuto scolastico ai ragazzi pi\u00f9 giovani e i contributi alle attivit\u00e0 dell\u2019Associazione APV sono state finora le modalit\u00e0 pi\u00f9 frequenti in cui si \u00e8 realizzata la catena di solidariet\u00e0.\u00a0<\/p>\t\t\t\t\t\t<\/div>\n\t\t\t\t<\/div>\n\t\t\t\t<div class=\"elementor-element elementor-element-e975e92 elementor-widget-divider--view-line elementor-widget elementor-widget-divider\" data-id=\"e975e92\" data-element_type=\"widget\" data-widget_type=\"divider.default\">\n\t\t\t\t<div class=\"elementor-widget-container\">\n\t\t\t\t\t<div class=\"elementor-divider\">\n\t\t\t<span class=\"elementor-divider-separator\">\n\t\t\t\t\t\t<\/span>\n\t\t<\/div>\n\t\t\t\t<\/div>\n\t\t\t\t<\/div>\n\t\t\t\t\t<\/div>\n\t\t<\/div>\n\t\t\t\t\t<\/div>\n\t\t<\/section>\n\t\t\t\t<section class=\"elementor-section elementor-inner-section elementor-element elementor-element-ab8c57d elementor-section-boxed elementor-section-height-default elementor-section-height-default\" data-id=\"ab8c57d\" data-element_type=\"section\">\n\t\t\t\t\t\t<div class=\"elementor-container elementor-column-gap-default\">\n\t\t\t\t\t<div class=\"elementor-column elementor-col-100 elementor-inner-column elementor-element elementor-element-a46b056\" data-id=\"a46b056\" data-element_type=\"column\">\n\t\t\t<div class=\"elementor-widget-wrap elementor-element-populated\">\n\t\t\t\t\t\t<div class=\"elementor-element elementor-element-9d136f5 elementor-widget elementor-widget-heading\" data-id=\"9d136f5\" data-element_type=\"widget\" data-widget_type=\"heading.default\">\n\t\t\t\t<div class=\"elementor-widget-container\">\n\t\t\t<h3 class=\"elementor-heading-title elementor-size-default\">Ammontare della Borsa<\/h3>\t\t<\/div>\n\t\t\t\t<\/div>\n\t\t\t\t\t<\/div>\n\t\t<\/div>\n\t\t\t\t\t<\/div>\n\t\t<\/section>\n\t\t\t\t<div class=\"elementor-element elementor-element-36ddaa7 elementor-widget elementor-widget-text-editor\" data-id=\"36ddaa7\" data-element_type=\"widget\" data-widget_type=\"text-editor.default\">\n\t\t\t\t<div class=\"elementor-widget-container\">\n\t\t\t\t\t\t\t<p>La borsa annuale ammonta a 600 US$ (moneta usata in Congo) per i giovani residenti nell\u2019area di Goma e a 700 $ per quelli che risiedono in altri villaggi.<\/p><p>La borsa copre le spese per le tasse universitarie (relativamente pi\u00f9 elevate che in Italia) e per la loro sussistenza. Viene erogata in due tranche su presentazione del certificato universitario, con esami e relativi voti, che dimostra il progresso avvenuto nel corso degli studi. Il percorso universitario in Congo \u00e8 molto severo e prevede che tutti gli esami dell\u2019anno debbano essere conclusi per passare all\u2019anno accademico successivo.<\/p>\t\t\t\t\t\t<\/div>\n\t\t\t\t<\/div>\n\t\t\t\t<div class=\"elementor-element elementor-element-957e69d elementor-widget-divider--view-line elementor-widget elementor-widget-divider\" data-id=\"957e69d\" data-element_type=\"widget\" data-widget_type=\"divider.default\">\n\t\t\t\t<div class=\"elementor-widget-container\">\n\t\t\t\t\t<div class=\"elementor-divider\">\n\t\t\t<span class=\"elementor-divider-separator\">\n\t\t\t\t\t\t<\/span>\n\t\t<\/div>\n\t\t\t\t<\/div>\n\t\t\t\t<\/div>\n\t\t\t\t<section class=\"elementor-section elementor-inner-section elementor-element elementor-element-8af3bec elementor-section-boxed elementor-section-height-default elementor-section-height-default\" data-id=\"8af3bec\" data-element_type=\"section\">\n\t\t\t\t\t\t<div class=\"elementor-container elementor-column-gap-default\">\n\t\t\t\t\t<div class=\"elementor-column elementor-col-100 elementor-inner-column elementor-element elementor-element-57dd6e6\" data-id=\"57dd6e6\" data-element_type=\"column\">\n\t\t\t<div class=\"elementor-widget-wrap elementor-element-populated\">\n\t\t\t\t\t\t<div class=\"elementor-element elementor-element-ab4eb00 elementor-widget elementor-widget-heading\" data-id=\"ab4eb00\" data-element_type=\"widget\" data-widget_type=\"heading.default\">\n\t\t\t\t<div class=\"elementor-widget-container\">\n\t\t\t<h3 class=\"elementor-heading-title elementor-size-default\">Criteri  per l'assegnazione<\/h3>\t\t<\/div>\n\t\t\t\t<\/div>\n\t\t\t\t<div class=\"elementor-element elementor-element-d4ddc8a elementor-widget elementor-widget-text-editor\" data-id=\"d4ddc8a\" data-element_type=\"widget\" data-widget_type=\"text-editor.default\">\n\t\t\t\t<div class=\"elementor-widget-container\">\n\t\t\t\t\t\t\t<ul><li>Et\u00e0 non superiore ai 22 anni<\/li><li>Votazioni degli ultimi due anni delle scuole superiori ed dell&#8217;esame di stato (soglia uguale o superiore a 65\/100)<\/li><li>Situazione socio-economica della famiglia (accurata verificata in loco dai membri di APV, l&#8217;associazione partner locale)<\/li><li>Motivazioni personali espresse nella domanda di partecipazione.\u00a0<\/li><\/ul>\t\t\t\t\t\t<\/div>\n\t\t\t\t<\/div>\n\t\t\t\t<div class=\"elementor-element elementor-element-bf668cd elementor-widget elementor-widget-image\" data-id=\"bf668cd\" data-element_type=\"widget\" data-widget_type=\"image.default\">\n\t\t\t\t<div class=\"elementor-widget-container\">\n\t\t\t\t\t\t\t\t\t\t\t\t\t<img decoding=\"async\" width=\"1024\" height=\"683\" src=\"https:\/\/www.tumaini.it\/wp-content\/uploads\/2022\/01\/IMG_4057-1024x683.jpg\" class=\"attachment-large size-large wp-image-3293\" alt=\"\" srcset=\"https:\/\/www.tumaini.it\/wp-content\/uploads\/2022\/01\/IMG_4057-1024x683.jpg 1024w, https:\/\/www.tumaini.it\/wp-content\/uploads\/2022\/01\/IMG_4057-300x200.jpg 300w, https:\/\/www.tumaini.it\/wp-content\/uploads\/2022\/01\/IMG_4057-768x512.jpg 768w, https:\/\/www.tumaini.it\/wp-content\/uploads\/2022\/01\/IMG_4057-1536x1024.jpg 1536w, https:\/\/www.tumaini.it\/wp-content\/uploads\/2022\/01\/IMG_4057-2048x1365.jpg 2048w\" sizes=\"(max-width: 1024px) 100vw, 1024px\" \/>\t\t\t\t\t\t\t\t\t\t\t\t\t<\/div>\n\t\t\t\t<\/div>\n\t\t\t\t<div class=\"elementor-element elementor-element-75550b8 elementor-widget-divider--view-line elementor-widget elementor-widget-divider\" data-id=\"75550b8\" data-element_type=\"widget\" data-widget_type=\"divider.default\">\n\t\t\t\t<div class=\"elementor-widget-container\">\n\t\t\t\t\t<div class=\"elementor-divider\">\n\t\t\t<span class=\"elementor-divider-separator\">\n\t\t\t\t\t\t<\/span>\n\t\t<\/div>\n\t\t\t\t<\/div>\n\t\t\t\t<\/div>\n\t\t\t\t<div class=\"elementor-element elementor-element-1a7d9c3 elementor-widget elementor-widget-heading\" data-id=\"1a7d9c3\" data-element_type=\"widget\" data-widget_type=\"heading.default\">\n\t\t\t\t<div class=\"elementor-widget-container\">\n\t\t\t<h3 class=\"elementor-heading-title elementor-size-default\">Fondi<\/h3>\t\t<\/div>\n\t\t\t\t<\/div>\n\t\t\t\t\t<\/div>\n\t\t<\/div>\n\t\t\t\t\t<\/div>\n\t\t<\/section>\n\t\t\t\t<div class=\"elementor-element elementor-element-35cb44e elementor-widget elementor-widget-text-editor\" data-id=\"35cb44e\" data-element_type=\"widget\" data-widget_type=\"text-editor.default\">\n\t\t\t\t<div class=\"elementor-widget-container\">\n\t\t\t\t\t\t\t<p>I fondi per le borse derivano dalle donazioni di amici, famiglie, aziende, associazioni e dalle attivit\u00e0 promosse dall\u2019Associazione Tumaini.\u00a0 <br \/>La maggiora parte dei sostenitori partecipano all\u2019iniziativa versando una quota annuale pari ad una borsa (550 \u20ac), anche in pi\u00f9 rate durante l\u2019anno.<\/p><p>Tumaini impiega tutti i contributi raccolti per finanziare le borse, mentre una quota pari al 5% della borsa stessa viene utilizzata dall\u2019Associazione APV per le spese di gestione in loco.<\/p>\t\t\t\t\t\t<\/div>\n\t\t\t\t<\/div>\n\t\t\t\t<div class=\"elementor-element elementor-element-d0b368c elementor-widget-divider--view-line elementor-widget elementor-widget-divider\" data-id=\"d0b368c\" data-element_type=\"widget\" data-widget_type=\"divider.default\">\n\t\t\t\t<div class=\"elementor-widget-container\">\n\t\t\t\t\t<div class=\"elementor-divider\">\n\t\t\t<span class=\"elementor-divider-separator\">\n\t\t\t\t\t\t<\/span>\n\t\t<\/div>\n\t\t\t\t<\/div>\n\t\t\t\t<\/div>\n\t\t\t\t<div class=\"elementor-element elementor-element-812bfa0 elementor-widget elementor-widget-text-editor\" data-id=\"812bfa0\" data-element_type=\"widget\" data-widget_type=\"text-editor.default\">\n\t\t\t\t<div class=\"elementor-widget-container\">\n\t\t\t\t\t\t\t<h3 style=\"text-align: left;\"><strong>I benefici fiscali<\/strong><\/h3><p>L&#8217;attuale normativa fiscale permette, in fase di dichiarazione dei redditi, di beneficiare della detrazione fiscale del 35% sulle imposte dovute, riducendo di fatto a circa 350 \u20ac il contributo per una Borsa di studio annuale piena.\u00a0<\/p>\t\t\t\t\t\t<\/div>\n\t\t\t\t<\/div>\n\t\t\t\t<div class=\"elementor-element elementor-element-3784cf0 elementor-widget elementor-widget-image\" data-id=\"3784cf0\" data-element_type=\"widget\" data-widget_type=\"image.default\">\n\t\t\t\t<div class=\"elementor-widget-container\">\n\t\t\t\t\t\t\t\t\t\t\t\t\t<img decoding=\"async\" width=\"1000\" height=\"750\" src=\"https:\/\/www.tumaini.it\/wp-content\/uploads\/2021\/12\/borse1.png\" class=\"attachment-full size-full wp-image-2686\" alt=\"\" srcset=\"https:\/\/www.tumaini.it\/wp-content\/uploads\/2021\/12\/borse1.png 1000w, https:\/\/www.tumaini.it\/wp-content\/uploads\/2021\/12\/borse1-300x225.png 300w, https:\/\/www.tumaini.it\/wp-content\/uploads\/2021\/12\/borse1-768x576.png 768w\" sizes=\"(max-width: 1000px) 100vw, 1000px\" \/>\t\t\t\t\t\t\t\t\t\t\t\t\t<\/div>\n\t\t\t\t<\/div>\n\t\t\t\t\t<\/div>\n\t\t<\/div>\n\t\t\t\t\t<\/div>\n\t\t<\/section>\n\t\t\t\t<\/div>\n\t\t","protected":false},"excerpt":{"rendered":"<p>Il desiderio di crescere, di emanciparsi e di istruirsi \u00e8 molto forte fra le ragazze e i ragazzi congolesi, ma la mancanza di mezzi spesso sbarra la strada anche ai pi\u00f9 volenterosi. Una borsa di studio universitaria pu\u00f2 cambiare la vita e trasformare un giovane sogno in realt\u00e0. A chi \u00e8 rivolto il programma di &hellip;<\/p>\n<p class=\"read-more\"> <a class=\"\" href=\"https:\/\/www.tumaini.it\/?page_id=2680\"> <span class=\"screen-reader-text\">Borse di Studio<\/span> Leggi altro &raquo;<\/a><\/p>\n","protected":false},"author":1,"featured_media":0,"parent":0,"menu_order":0,"comment_status":"closed","ping_status":"closed","template":"","meta":{"site-sidebar-layout":"no-sidebar","site-content-layout":"page-builder","ast-site-content-layout":"","site-content-style":"default","site-sidebar-style":"default","ast-global-header-display":"","ast-banner-title-visibility":"","ast-main-header-display":"","ast-hfb-above-header-display":"","ast-hfb-below-header-display":"","ast-hfb-mobile-header-display":"","site-post-title":"disabled","ast-breadcrumbs-content":"","ast-featured-img":"disabled","footer-sml-layout":"","theme-transparent-header-meta":"","adv-header-id-meta":"","stick-header-meta":"","header-above-stick-meta":"","header-main-stick-meta":"","header-below-stick-meta":"","astra-migrate-meta-layouts":"","ast-page-background-enabled":"default","ast-page-background-meta":{"desktop":{"background-color":"","background-image":"","background-repeat":"repeat","background-position":"center center","background-size":"auto","background-attachment":"scroll","background-type":"","background-media":"","overlay-type":"","overlay-color":"","overlay-gradient":""},"tablet":{"background-color":"","background-image":"","background-repeat":"repeat","background-position":"center center","background-size":"auto","background-attachment":"scroll","background-type":"","background-media":"","overlay-type":"","overlay-color":"","overlay-gradient":""},"mobile":{"background-color":"","background-image":"","background-repeat":"repeat","background-position":"center center","background-size":"auto","background-attachment":"scroll","background-type":"","background-media":"","overlay-type":"","overlay-color":"","overlay-gradient":""}},"ast-content-background-meta":{"desktop":{"background-color":"var(--ast-global-color-5)","background-image":"","background-repeat":"repeat","background-position":"center center","background-size":"auto","background-attachment":"scroll","background-type":"","background-media":"","overlay-type":"","overlay-color":"","overlay-gradient":""},"tablet":{"background-color":"var(--ast-global-color-5)","background-image":"","background-repeat":"repeat","background-position":"center center","background-size":"auto","background-attachment":"scroll","background-type":"","background-media":"","overlay-type":"","overlay-color":"","overlay-gradient":""},"mobile":{"background-color":"var(--ast-global-color-5)","background-image":"","background-repeat":"repeat","background-position":"center center","background-size":"auto","background-attachment":"scroll","background-type":"","background-media":"","overlay-type":"","overlay-color":"","overlay-gradient":""}},"footnotes":""},"class_list":["post-2680","page","type-page","status-publish","hentry"],"_links":{"self":[{"href":"https:\/\/www.tumaini.it\/index.php?rest_route=\/wp\/v2\/pages\/2680","targetHints":{"allow":["GET"]}}],"collection":[{"href":"https:\/\/www.tumaini.it\/index.php?rest_route=\/wp\/v2\/pages"}],"about":[{"href":"https:\/\/www.tumaini.it\/index.php?rest_route=\/wp\/v2\/types\/page"}],"author":[{"embeddable":true,"href":"https:\/\/www.tumaini.it\/index.php?rest_route=\/wp\/v2\/users\/1"}],"replies":[{"embeddable":true,"href":"https:\/\/www.tumaini.it\/index.php?rest_route=%2Fwp%2Fv2%2Fcomments&post=2680"}],"version-history":[{"count":169,"href":"https:\/\/www.tumaini.it\/index.php?rest_route=\/wp\/v2\/pages\/2680\/revisions"}],"predecessor-version":[{"id":3460,"href":"https:\/\/www.tumaini.it\/index.php?rest_route=\/wp\/v2\/pages\/2680\/revisions\/3460"}],"wp:attachment":[{"href":"https:\/\/www.tumaini.it\/index.php?rest_route=%2Fwp%2Fv2%2Fmedia&parent=2680"}],"curies":[{"name":"wp","href":"https:\/\/api.w.org\/{rel}","templated":true}]}}